{"id":3982,"date":"2024-06-24T21:13:24","date_gmt":"2024-06-24T21:13:24","guid":{"rendered":"https:\/\/cusio25.eu\/interessante-orte\/"},"modified":"2024-08-13T07:29:12","modified_gmt":"2024-08-13T07:29:12","slug":"interessante-orte","status":"publish","type":"page","link":"https:\/\/cusio25.eu\/de\/interessante-orte\/","title":{"rendered":"Interessante Orte"},"content":{"rendered":"\t\t<div data-elementor-type=\"wp-page\" data-elementor-id=\"3982\" class=\"elementor elementor-3982 elementor-1810\" data-elementor-post-type=\"page\">\n\t\t\t\t<div class=\"elementor-element elementor-element-a42ea2b e-con-full e-flex e-con e-parent\" data-id=\"a42ea2b\" data-element_type=\"container\" data-settings=\"{&quot;background_background&quot;:&quot;classic&quot;,&quot;jet_parallax_layout_list&quot;:[],&quot;shape_divider_bottom&quot;:&quot;wave-brush&quot;}\">\n\t\t\t\t<div class=\"elementor-shape elementor-shape-bottom\" aria-hidden=\"true\" data-negative=\"false\">\n\t\t\t<svg xmlns=\"http:\/\/www.w3.org\/2000\/svg\" viewBox=\"0 0 283.5 27.8\" preserveAspectRatio=\"none\">\n\t<path class=\"elementor-shape-fill\" d=\"M283.5,9.7c0,0-7.3,4.3-14,4.6c-6.8,0.3-12.6,0-20.9-1.5c-11.3-2-33.1-10.1-44.7-5.7\ts-12.1,4.6-18,7.4c-6.6,3.2-20,9.6-36.6,9.3C131.6,23.5,99.5,7.2,86.3,8c-1.4,0.1-6.6,0.8-10.5,2c-3.8,1.2-9.4,3.8-17,4.7\tc-3.2,0.4-8.3,1.1-14.2,0.9c-1.5-0.1-6.3-0.4-12-1.6c-5.7-1.2-11-3.1-15.8-3.7C6.5,9.2,0,10.8,0,10.8V0h283.5V9.7z M260.8,11.3\tc-0.7-1-2-0.4-4.3-0.4c-2.3,0-6.1-1.2-5.8-1.1c0.3,0.1,3.1,1.5,6,1.9C259.7,12.2,261.4,12.3,260.8,11.3z M242.4,8.6\tc0,0-2.4-0.2-5.6-0.9c-3.2-0.8-10.3-2.8-15.1-3.5c-8.2-1.1-15.8,0-15.1,0.1c0.8,0.1,9.6-0.6,17.6,1.1c3.3,0.7,9.3,2.2,12.4,2.7\tC239.9,8.7,242.4,8.6,242.4,8.6z M185.2,8.5c1.7-0.7-13.3,4.7-18.5,6.1c-2.1,0.6-6.2,1.6-10,2c-3.9,0.4-8.9,0.4-8.8,0.5\tc0,0.2,5.8,0.8,11.2,0c5.4-0.8,5.2-1.1,7.6-1.6C170.5,14.7,183.5,9.2,185.2,8.5z M199.1,6.9c0.2,0-0.8-0.4-4.8,1.1\tc-4,1.5-6.7,3.5-6.9,3.7c-0.2,0.1,3.5-1.8,6.6-3C197,7.5,199,6.9,199.1,6.9z M283,6c-0.1,0.1-1.9,1.1-4.8,2.5s-6.9,2.8-6.7,2.7\tc0.2,0,3.5-0.6,7.4-2.5C282.8,6.8,283.1,5.9,283,6z M31.3,11.6c0.1-0.2-1.9-0.2-4.5-1.2s-5.4-1.6-7.8-2C15,7.6,7.3,8.5,7.7,8.6\tC8,8.7,15.9,8.3,20.2,9.3c2.2,0.5,2.4,0.5,5.7,1.6S31.2,11.9,31.3,11.6z M73,9.2c0.4-0.1,3.5-1.6,8.4-2.6c4.9-1.1,8.9-0.5,8.9-0.8\tc0-0.3-1-0.9-6.2-0.3S72.6,9.3,73,9.2z M71.6,6.7C71.8,6.8,75,5.4,77.3,5c2.3-0.3,1.9-0.5,1.9-0.6c0-0.1-1.1-0.2-2.7,0.2\tC74.8,5.1,71.4,6.6,71.6,6.7z M93.6,4.4c0.1,0.2,3.5,0.8,5.6,1.8c2.1,1,1.8,0.6,1.9,0.5c0.1-0.1-0.8-0.8-2.4-1.3\tC97.1,4.8,93.5,4.2,93.6,4.4z M65.4,11.1c-0.1,0.3,0.3,0.5,1.9-0.2s2.6-1.3,2.2-1.2s-0.9,0.4-2.5,0.8C65.3,10.9,65.5,10.8,65.4,11.1\tz M34.5,12.4c-0.2,0,2.1,0.8,3.3,0.9c1.2,0.1,2,0.1,2-0.2c0-0.3-0.1-0.5-1.6-0.4C36.6,12.8,34.7,12.4,34.5,12.4z M152.2,21.1\tc-0.1,0.1-2.4-0.3-7.5-0.3c-5,0-13.6-2.4-17.2-3.5c-3.6-1.1,10,3.9,16.5,4.1C150.5,21.6,152.3,21,152.2,21.1z\"\/>\n\t<path class=\"elementor-shape-fill\" d=\"M269.6,18c-0.1-0.1-4.6,0.3-7.2,0c-7.3-0.7-17-3.2-16.6-2.9c0.4,0.3,13.7,3.1,17,3.3\tC267.7,18.8,269.7,18,269.6,18z\"\/>\n\t<path class=\"elementor-shape-fill\" d=\"M227.4,9.8c-0.2-0.1-4.5-1-9.5-1.2c-5-0.2-12.7,0.6-12.3,0.5c0.3-0.1,5.9-1.8,13.3-1.2\tS227.6,9.9,227.4,9.8z\"\/>\n\t<path class=\"elementor-shape-fill\" d=\"M204.5,13.4c-0.1-0.1,2-1,3.2-1.1c1.2-0.1,2,0,2,0.3c0,0.3-0.1,0.5-1.6,0.4\tC206.4,12.9,204.6,13.5,204.5,13.4z\"\/>\n\t<path class=\"elementor-shape-fill\" d=\"M201,10.6c0-0.1-4.4,1.2-6.3,2.2c-1.9,0.9-6.2,3.1-6.1,3.1c0.1,0.1,4.2-1.6,6.3-2.6\tS201,10.7,201,10.6z\"\/>\n\t<path class=\"elementor-shape-fill\" d=\"M154.5,26.7c-0.1-0.1-4.6,0.3-7.2,0c-7.3-0.7-17-3.2-16.6-2.9c0.4,0.3,13.7,3.1,17,3.3\tC152.6,27.5,154.6,26.8,154.5,26.7z\"\/>\n\t<path class=\"elementor-shape-fill\" d=\"M41.9,19.3c0,0,1.2-0.3,2.9-0.1c1.7,0.2,5.8,0.9,8.2,0.7c4.2-0.4,7.4-2.7,7-2.6\tc-0.4,0-4.3,2.2-8.6,1.9c-1.8-0.1-5.1-0.5-6.7-0.4S41.9,19.3,41.9,19.3z\"\/>\n\t<path class=\"elementor-shape-fill\" d=\"M75.5,12.6c0.2,0.1,2-0.8,4.3-1.1c2.3-0.2,2.1-0.3,2.1-0.5c0-0.1-1.8-0.4-3.4,0\tC76.9,11.5,75.3,12.5,75.5,12.6z\"\/>\n\t<path class=\"elementor-shape-fill\" d=\"M15.6,13.2c0-0.1,4.3,0,6.7,0.5c2.4,0.5,5,1.9,5,2c0,0.1-2.7-0.8-5.1-1.4\tC19.9,13.7,15.7,13.3,15.6,13.2z\"\/>\n<\/svg>\t\t<\/div>\n\t\t<div class=\"elementor-element elementor-element-a9aa01a e-con-full animated-slow e-flex elementor-invisible e-con e-child\" data-id=\"a9aa01a\" data-element_type=\"container\" data-settings=\"{&quot;jet_parallax_layout_list&quot;:[],&quot;animation&quot;:&quot;fadeIn&quot;}\">\n\t\t\t\t<div class=\"elementor-element elementor-element-0140601 elementor-widget__width-inherit elementor-widget elementor-widget-heading\" data-id=\"0140601\" data-element_type=\"widget\" data-widget_type=\"heading.default\">\n\t\t\t\t<div class=\"elementor-widget-container\">\n\t\t\t\t\t<h2 class=\"elementor-heading-title elementor-size-default\">Interessante Orte<\/h2>\t\t\t\t<\/div>\n\t\t\t\t<\/div>\n\t\t\t\t<\/div>\n\t\t\t\t<\/div>\n\t\t<div class=\"elementor-element elementor-element-337cf4e animated-slow e-flex e-con-boxed elementor-invisible e-con e-child\" data-id=\"337cf4e\" data-element_type=\"container\" data-settings=\"{&quot;jet_parallax_layout_list&quot;:[],&quot;animation&quot;:&quot;fadeIn&quot;}\">\n\t\t\t\t\t<div class=\"e-con-inner\">\n\t\t\t\t<div class=\"elementor-element elementor-element-1d22037 elementor-widget elementor-widget-text-editor\" data-id=\"1d22037\" data-element_type=\"widget\" data-widget_type=\"text-editor.default\">\n\t\t\t\t<div class=\"elementor-widget-container\">\n\t\t\t\t\t\t\t\t\t<p><b>Jede der 25 Gemeinden des Distrikts tr\u00e4gt dazu bei, Cusio zu einem einzigartigen Reiseziel zu machen<\/b> <b>indem sie den Besuchern ein au\u00dfergew\u00f6hnliches Erbe zur Verf\u00fcgung stellen.<\/b><span style=\"font-weight: 400;\"> <\/span><\/p>\n<p><span style=\"font-weight: 400;\">Die unglaubliche Vielfalt der<\/span><b>nat\u00fcrlichen Umgebung<\/b><span style=\"font-weight: 400;\">die von den Berggipfeln dem Lauf der Fl\u00fcsse folgend zum See abf\u00e4llt, l\u00e4sst dem Besucher alle M\u00f6glichkeiten offen: von der Entspannung bis zu adrenalingeladenen Ausfl\u00fcgen; von romantischen Ausfl\u00fcgen bis zu sportlichen Wettk\u00e4mpfen; von m\u00e4rchenhaften Hochzeiten bis zu Gleitschirmfl\u00fcgen; von der Bauernjause bis zum Sterne-Dinner &#8230; und vieles mehr!<\/span><\/p>\n<p><span style=\"font-weight: 400;\">Cusio ist nicht nur Natur: Die<\/span> <span style=\"font-weight: 400;\">25 Gemeinden des Kreises teilen eine <\/span><span style=\"font-weight: 400;\">jahrhundertelange Geschichte, die sich in einem reichen <\/span><b>k\u00fcnstlerisches, kulturelles und volkst\u00fcmliches Erbe<\/b><span style=\"font-weight: 400;\">.<br \/>\nDagli antichi insediamenti all\u2019odierno recupero ai fini museali degli edifici industriali dismessi; dai luoghi di meditazione e preghiera a quelli della memoria; dai siti Rodariani al folklore popolare walser; dal burattino di Pinocchio ai riconoscimenti internazionali in ambito gastronomico, industriale e del   <\/span><i><span style=\"font-weight: 400;\">Entwurf<\/span><\/i><span style=\"font-weight: 400;\">. <\/span> <\/p>\n<p><span style=\"font-weight: 400;\">Die Natur, die Kunst, die Kultur, die Folklore und die Exzellenz der Region vereinen sich hier und bieten dem Besucher tausend verschiedene Erlebnisse, die es zu entdecken und mit seinen Lieben zu teilen gilt!<\/span><\/p>\n<p><span style=\"font-weight: 400;\">In Cusio zu \u00fcbernachten ist einfach: Ferienanlagen, Hotels, Residenzen, Campingpl\u00e4tze und BBs &#8230; viele L\u00f6sungen f\u00fcr ein einziges Ziel!<\/span><\/p>\n\t\t\t\t\t\t\t\t<\/div>\n\t\t\t\t<\/div>\n\t\t\t\t\t<\/div>\n\t\t\t\t<\/div>\n\t\t<div class=\"elementor-element elementor-element-0505bb3 e-flex e-con-boxed e-con e-parent\" data-id=\"0505bb3\" data-element_type=\"container\" data-settings=\"{&quot;jet_parallax_layout_list&quot;:[]}\">\n\t\t\t\t\t<div class=\"e-con-inner\">\n\t\t<div class=\"elementor-element elementor-element-943865b e-con-full e-flex e-con e-child\" data-id=\"943865b\" data-element_type=\"container\" data-settings=\"{&quot;jet_parallax_layout_list&quot;:[]}\">\n\t\t\t\t<div class=\"elementor-element elementor-element-812ced1 elementor-widget elementor-widget-image\" data-id=\"812ced1\" data-element_type=\"widget\" data-widget_type=\"image.default\">\n\t\t\t\t<div class=\"elementor-widget-container\">\n\t\t\t\t\t\t\t\t\t\t\t\t\t\t\t<img fetchpriority=\"high\" decoding=\"async\" width=\"452\" height=\"800\" src=\"https:\/\/cusio25.eu\/wp-content\/uploads\/2024\/06\/vela-parco-fantasia.png\" class=\"attachment-large size-large wp-image-2302\" alt=\"\" srcset=\"https:\/\/cusio25.eu\/wp-content\/uploads\/2024\/06\/vela-parco-fantasia.png 452w, https:\/\/cusio25.eu\/wp-content\/uploads\/2024\/06\/vela-parco-fantasia-170x300.png 170w\" sizes=\"(max-width: 452px) 100vw, 452px\" \/>\t\t\t\t\t\t\t\t\t\t\t\t\t\t\t<\/div>\n\t\t\t\t<\/div>\n\t\t\t\t<\/div>\n\t\t<div class=\"elementor-element elementor-element-5208318 e-con-full e-flex e-con e-child\" data-id=\"5208318\" data-element_type=\"container\" data-settings=\"{&quot;jet_parallax_layout_list&quot;:[]}\">\n\t\t\t\t<div class=\"elementor-element elementor-element-caa01c4 elementor-widget elementor-widget-text-editor\" data-id=\"caa01c4\" data-element_type=\"widget\" data-widget_type=\"text-editor.default\">\n\t\t\t\t<div class=\"elementor-widget-container\">\n\t\t\t\t\t\t\t\t\t<h2>DAS LAND VON GIANNI RODARI.<\/h2>\n<p>Gianni Rodari, der erste italienische Schriftsteller, der 1970 mit dem Andersen-Preis ausgezeichnet wurde, wurde in Omegna geboren. Die Stadt feiert die Verbundenheit mit ihrem ber\u00fchmten B\u00fcrger durch Installationen, Projekte und Initiativen, darunter der angesehene Rodari-Preis, der im Rahmen des j\u00e4hrlichen KINDERLITERATURFESTIVALS verliehen wird. <\/p>\n<p>Das Rodari-Museum und der Parco della Fantasia bieten einen privilegierten Zugang zur unglaublichen Welt von Gianni Rodari: Bei einem Spaziergang durch die Orte, an denen Rodaris Geschichten spielen, kann man leicht Baron Lamberto begegnen &#8230; und alles kann passieren, wenn man einen Nachmittag im Freien in den wundersch\u00f6nen Pie in the Sky Gardens verbringt!<\/p>\n<p>Informationen \u00fcber Rodari-Seiten und Initiativen f\u00fcr Familien und Schulen im Zusammenhang mit Gianni Rodari: <b><a href=\"https:\/\/rodariomegna.it\/\">www.rodariomegna.it<\/a><\/b><\/p>\n\t\t\t\t\t\t\t\t<\/div>\n\t\t\t\t<\/div>\n\t\t\t\t<\/div>\n\t\t\t\t\t<\/div>\n\t\t\t\t<\/div>\n\t\t<div class=\"elementor-element elementor-element-cbf2d65 e-flex e-con-boxed e-con e-parent\" data-id=\"cbf2d65\" data-element_type=\"container\" data-settings=\"{&quot;background_background&quot;:&quot;classic&quot;,&quot;jet_parallax_layout_list&quot;:[]}\">\n\t\t\t\t\t<div class=\"e-con-inner\">\n\t\t<div class=\"elementor-element elementor-element-50bb801 e-con-full e-flex e-con e-child\" data-id=\"50bb801\" data-element_type=\"container\" data-settings=\"{&quot;jet_parallax_layout_list&quot;:[]}\">\n\t\t\t\t<div class=\"elementor-element elementor-element-e0a16b8 elementor-widget elementor-widget-text-editor\" data-id=\"e0a16b8\" data-element_type=\"widget\" data-widget_type=\"text-editor.default\">\n\t\t\t\t<div class=\"elementor-widget-container\">\n\t\t\t\t\t\t\t\t\t<h2>Die MOKA<\/h2>\n<p>Die MOKA, die von Bialetti erfundene Kaffeemaschine, ist eines der vielen Objekte, die im Cusio-Gebiet entstanden und zur Ikone geworden sind.<\/p>\n<p>Omegna ist bekannt als das &#8222;Land der T\u00f6pfe und Pfannen und Kaffeekannen&#8220;, denn seit dem letzten Jahrhundert ist die Haushaltswarenindustrie von Omegna ein Botschafter f\u00fcr Innovation, Kreativit\u00e4t und Design in der ganzen Welt. Unternehmen aus Omegna wie ALESSI und LAGOSTINA genie\u00dfen auch heute noch internationales Ansehen: Ihre Gesch\u00e4fte sind in der Regel ein Muss f\u00fcr Touristen, die die Region Cusio besuchen. <\/p>\n\t\t\t\t\t\t\t\t<\/div>\n\t\t\t\t<\/div>\n\t\t\t\t<\/div>\n\t\t<div class=\"elementor-element elementor-element-2ecec2e e-con-full e-flex e-con e-child\" data-id=\"2ecec2e\" data-element_type=\"container\" data-settings=\"{&quot;jet_parallax_layout_list&quot;:[]}\">\n\t\t\t\t<div class=\"elementor-element elementor-element-76b4492 elementor-widget elementor-widget-image\" data-id=\"76b4492\" data-element_type=\"widget\" data-widget_type=\"image.default\">\n\t\t\t\t<div class=\"elementor-widget-container\">\n\t\t\t\t\t\t\t\t\t\t\t\t\t\t\t<img decoding=\"async\" width=\"452\" height=\"800\" src=\"https:\/\/cusio25.eu\/wp-content\/uploads\/2024\/06\/vela-moka.png\" class=\"attachment-large size-large wp-image-2306\" alt=\"\" srcset=\"https:\/\/cusio25.eu\/wp-content\/uploads\/2024\/06\/vela-moka.png 452w, https:\/\/cusio25.eu\/wp-content\/uploads\/2024\/06\/vela-moka-170x300.png 170w\" sizes=\"(max-width: 452px) 100vw, 452px\" \/>\t\t\t\t\t\t\t\t\t\t\t\t\t\t\t<\/div>\n\t\t\t\t<\/div>\n\t\t\t\t<\/div>\n\t\t\t\t\t<\/div>\n\t\t\t\t<\/div>\n\t\t<div class=\"elementor-element elementor-element-07f4740 e-flex e-con-boxed e-con e-parent\" data-id=\"07f4740\" data-element_type=\"container\" data-settings=\"{&quot;jet_parallax_layout_list&quot;:[]}\">\n\t\t\t\t\t<div class=\"e-con-inner\">\n\t\t<div class=\"elementor-element elementor-element-b2c622c e-con-full e-flex e-con e-child\" data-id=\"b2c622c\" data-element_type=\"container\" data-settings=\"{&quot;jet_parallax_layout_list&quot;:[]}\">\n\t\t\t\t<div class=\"elementor-element elementor-element-46322de elementor-widget elementor-widget-image\" data-id=\"46322de\" data-element_type=\"widget\" data-widget_type=\"image.default\">\n\t\t\t\t<div class=\"elementor-widget-container\">\n\t\t\t\t\t\t\t\t\t\t\t\t\t\t\t<img decoding=\"async\" width=\"452\" height=\"800\" src=\"https:\/\/cusio25.eu\/wp-content\/uploads\/2024\/06\/vela-sacro-monte-orta.png\" class=\"attachment-large size-large wp-image-2310\" alt=\"\" srcset=\"https:\/\/cusio25.eu\/wp-content\/uploads\/2024\/06\/vela-sacro-monte-orta.png 452w, https:\/\/cusio25.eu\/wp-content\/uploads\/2024\/06\/vela-sacro-monte-orta-170x300.png 170w\" sizes=\"(max-width: 452px) 100vw, 452px\" \/>\t\t\t\t\t\t\t\t\t\t\t\t\t\t\t<\/div>\n\t\t\t\t<\/div>\n\t\t\t\t<\/div>\n\t\t<div class=\"elementor-element elementor-element-2f64efb e-con-full e-flex e-con e-child\" data-id=\"2f64efb\" data-element_type=\"container\" data-settings=\"{&quot;jet_parallax_layout_list&quot;:[]}\">\n\t\t\t\t<div class=\"elementor-element elementor-element-6aad2c0 elementor-widget elementor-widget-text-editor\" data-id=\"6aad2c0\" data-element_type=\"widget\" data-widget_type=\"text-editor.default\">\n\t\t\t\t<div class=\"elementor-widget-container\">\n\t\t\t\t\t\t\t\t\t<h2>DER HEILIGE BERG VON ORTA<\/h2>\n<p>Der SACRO MONTE DI ORTA ist ein historisch-religi\u00f6ser Komplex von au\u00dfergew\u00f6hnlicher Sch\u00f6nheit und Faszination. Im Naturschutzgebiet des Sacro Monte di Orta schl\u00e4ngelt sich der Weg durch 20 Kapellen, in denen 376 lebensgro\u00dfe Terrakottastatuen die wichtigsten Ereignisse aus dem Leben des Heiligen Franziskus erz\u00e4hlen. <\/p>\n<p>Seit 2003 geh\u00f6rt der Sacro Monte di Orta zum UNESCO-Weltkulturerbe.<\/p>\n<p>Ein bereits 1547 erw\u00e4hnter Andachtsweg f\u00fchrt vom Sacro Monte von Orta zu dem von Varallo \u00fcber die alten Verbindungswege zwischen Cusio und Valsesia.<\/p>\n<p><em>Weitere Informationen finden Sie unter dem Link: <b><a href=\"https:\/\/www.grandtourlagodorta.it\/peregrinatio-2024-orta-varallo\/\">Peregrinatio vom Sacro Monte di Orta zum Sacro Monte di Varallo<\/a><\/b><\/em><\/p>\n\t\t\t\t\t\t\t\t<\/div>\n\t\t\t\t<\/div>\n\t\t\t\t<\/div>\n\t\t\t\t\t<\/div>\n\t\t\t\t<\/div>\n\t\t<div class=\"elementor-element elementor-element-ff150d9 e-flex e-con-boxed e-con e-parent\" data-id=\"ff150d9\" data-element_type=\"container\" data-settings=\"{&quot;background_background&quot;:&quot;classic&quot;,&quot;jet_parallax_layout_list&quot;:[]}\">\n\t\t\t\t\t<div class=\"e-con-inner\">\n\t\t<div class=\"elementor-element elementor-element-908a00a e-con-full e-flex e-con e-child\" data-id=\"908a00a\" data-element_type=\"container\" data-settings=\"{&quot;jet_parallax_layout_list&quot;:[]}\">\n\t\t\t\t<div class=\"elementor-element elementor-element-fb058b2 elementor-widget elementor-widget-text-editor\" data-id=\"fb058b2\" data-element_type=\"widget\" data-widget_type=\"text-editor.default\">\n\t\t\t\t<div class=\"elementor-widget-container\">\n\t\t\t\t\t\t\t\t\t<h2>HEILIGTUM DER MADONNA DEL SASSO<\/h2>\n<p>Die Wallfahrtskirche Madonna del Sasso ist ein Komplex, der auf die erste H\u00e4lfte des 18. Die Kirche befindet sich in der gleichnamigen Gemeinde in Boleto und liegt auf einem Felsvorsprung, der den Ortasee aus einer H\u00f6he von 638 Metern \u00fcber dem Meeresspiegel \u00fcberragt. <\/p>\n<p>Der Platz vor der Kirche wird &#8222;Balkon von Cusio&#8220; genannt, weil er dem Besucher einen unvergleichlichen Blick auf die gesamte Region Cusio bietet, vom See bis zu den Bergen der \u00f6stlichen Riviera.<\/p>\n<p>Die Wallfahrtskirche ist auch der Ausgangspunkt der Wanderroute Le Valli della Fede, die von der Wallfahrtskirche Banchette in der Region Biella bis zur Wallfahrtskirche Madonna del Sasso und zum Ortasee f\u00fchrt.<\/p>\n<p><i>Weitere Informationen finden Sie unter folgendem Link: <\/i><i style=\"text-align: var(--text-align);\"><a href=\"https:\/\/santuariomadonnadelsasso.it\/\"><b>www.santuariomadonnadesasso.it<\/b><\/a><\/i><\/p>\n\t\t\t\t\t\t\t\t<\/div>\n\t\t\t\t<\/div>\n\t\t\t\t<\/div>\n\t\t<div class=\"elementor-element elementor-element-d733dd7 e-con-full e-flex e-con e-child\" data-id=\"d733dd7\" data-element_type=\"container\" data-settings=\"{&quot;jet_parallax_layout_list&quot;:[]}\">\n\t\t\t\t<div class=\"elementor-element elementor-element-69c2768 elementor-widget elementor-widget-image\" data-id=\"69c2768\" data-element_type=\"widget\" data-widget_type=\"image.default\">\n\t\t\t\t<div class=\"elementor-widget-container\">\n\t\t\t\t\t\t\t\t\t\t\t\t\t\t\t<img loading=\"lazy\" decoding=\"async\" width=\"452\" height=\"800\" src=\"https:\/\/cusio25.eu\/wp-content\/uploads\/2024\/06\/vela-madonna-del-sasso.png\" class=\"attachment-large size-large wp-image-2314\" alt=\"\" srcset=\"https:\/\/cusio25.eu\/wp-content\/uploads\/2024\/06\/vela-madonna-del-sasso.png 452w, https:\/\/cusio25.eu\/wp-content\/uploads\/2024\/06\/vela-madonna-del-sasso-170x300.png 170w\" sizes=\"(max-width: 452px) 100vw, 452px\" \/>\t\t\t\t\t\t\t\t\t\t\t\t\t\t\t<\/div>\n\t\t\t\t<\/div>\n\t\t\t\t<\/div>\n\t\t\t\t\t<\/div>\n\t\t\t\t<\/div>\n\t\t<div class=\"elementor-element elementor-element-5553106 e-flex e-con-boxed e-con e-parent\" data-id=\"5553106\" data-element_type=\"container\" data-settings=\"{&quot;jet_parallax_layout_list&quot;:[]}\">\n\t\t\t\t\t<div class=\"e-con-inner\">\n\t\t<div class=\"elementor-element elementor-element-795eb17 e-con-full e-flex e-con e-child\" data-id=\"795eb17\" data-element_type=\"container\" data-settings=\"{&quot;jet_parallax_layout_list&quot;:[]}\">\n\t\t\t\t<div class=\"elementor-element elementor-element-07e3965 elementor-widget elementor-widget-image\" data-id=\"07e3965\" data-element_type=\"widget\" data-widget_type=\"image.default\">\n\t\t\t\t<div class=\"elementor-widget-container\">\n\t\t\t\t\t\t\t\t\t\t\t\t\t\t\t<img loading=\"lazy\" decoding=\"async\" width=\"452\" height=\"800\" src=\"https:\/\/cusio25.eu\/wp-content\/uploads\/2024\/06\/vela-pinocchio.png\" class=\"attachment-large size-large wp-image-2318\" alt=\"\" srcset=\"https:\/\/cusio25.eu\/wp-content\/uploads\/2024\/06\/vela-pinocchio.png 452w, https:\/\/cusio25.eu\/wp-content\/uploads\/2024\/06\/vela-pinocchio-170x300.png 170w\" sizes=\"(max-width: 452px) 100vw, 452px\" \/>\t\t\t\t\t\t\t\t\t\t\t\t\t\t\t<\/div>\n\t\t\t\t<\/div>\n\t\t\t\t<\/div>\n\t\t<div class=\"elementor-element elementor-element-7c70980 e-con-full e-flex e-con e-child\" data-id=\"7c70980\" data-element_type=\"container\" data-settings=\"{&quot;jet_parallax_layout_list&quot;:[]}\">\n\t\t\t\t<div class=\"elementor-element elementor-element-3714209 elementor-widget elementor-widget-text-editor\" data-id=\"3714209\" data-element_type=\"widget\" data-widget_type=\"text-editor.default\">\n\t\t\t\t<div class=\"elementor-widget-container\">\n\t\t\t\t\t\t\t\t\t<h2>PINOCCHIO<\/h2>\n<p>Pinocchio, die weltber\u00fchmte Holzpuppe, wird von den geschickten H\u00e4nden der Handwerker aus Cusio zum Leben erweckt, insbesondere von den Handwerksmeistern aus dem Strona-Tal, die auf eine jahrhundertelange Erfahrung in der Holzbearbeitung und Drechslerei zur\u00fcckblicken k\u00f6nnen.<\/p>\n<p>Das enge, wilde Tal, das von Omegna zum Walserdorf Campello Monti f\u00fchrt, ist heute als &#8222;Pinocchio-Tal&#8220; bekannt, weil Pinocchio von den alten Talwerkst\u00e4tten aus seine Reise durch Italien und dar\u00fcber hinaus begann.<\/p>\n\t\t\t\t\t\t\t\t<\/div>\n\t\t\t\t<\/div>\n\t\t\t\t<\/div>\n\t\t\t\t\t<\/div>\n\t\t\t\t<\/div>\n\t\t<div class=\"elementor-element elementor-element-caf8272 e-flex e-con-boxed e-con e-parent\" data-id=\"caf8272\" data-element_type=\"container\" data-settings=\"{&quot;background_background&quot;:&quot;classic&quot;,&quot;jet_parallax_layout_list&quot;:[]}\">\n\t\t\t\t\t<div class=\"e-con-inner\">\n\t\t<div class=\"elementor-element elementor-element-d1d131b e-con-full e-flex e-con e-child\" data-id=\"d1d131b\" data-element_type=\"container\" data-settings=\"{&quot;jet_parallax_layout_list&quot;:[]}\">\n\t\t\t\t<div class=\"elementor-element elementor-element-c81973a elementor-widget elementor-widget-text-editor\" data-id=\"c81973a\" data-element_type=\"widget\" data-widget_type=\"text-editor.default\">\n\t\t\t\t<div class=\"elementor-widget-container\">\n\t\t\t\t\t\t\t\t\t<h2>DER SCHORNSTEIN<\/h2>\n<p>Der alte Schornstein ragt hoch \u00fcber der Skyline von Cusios Hauptstadt auf und erinnert an die lange industrielle Tradition der Stadt.<\/p>\n<p>Das Gebiet, in dem sich einst die gro\u00dfe H\u00fcttenindustrie der Cobianchi befand, beherbergt heute den Rodari-Park und das Forum. Die Stadt wollte jedoch den Schornstein als Symbol einer Vergangenheit erhalten, mit der die Geschichten vieler Familien aus Omegna verbunden sind.<\/p>\n<p>F\u00fcr weitere Informationen besuchen Sie <a style=\"text-align: var(--text-align); background-color: #f3e6e6;\" href=\"https:\/\/www.forumomegna.it\" target=\"_blank\" rel=\"noopener\"><b>forumomegna.it<\/b><\/a><\/p>\n\t\t\t\t\t\t\t\t<\/div>\n\t\t\t\t<\/div>\n\t\t\t\t<\/div>\n\t\t<div class=\"elementor-element elementor-element-7b4dd4c e-con-full e-flex e-con e-child\" data-id=\"7b4dd4c\" data-element_type=\"container\" data-settings=\"{&quot;jet_parallax_layout_list&quot;:[]}\">\n\t\t\t\t<div class=\"elementor-element elementor-element-260ac32 elementor-widget elementor-widget-image\" data-id=\"260ac32\" data-element_type=\"widget\" data-widget_type=\"image.default\">\n\t\t\t\t<div class=\"elementor-widget-container\">\n\t\t\t\t\t\t\t\t\t\t\t\t\t\t\t<img loading=\"lazy\" decoding=\"async\" width=\"452\" height=\"800\" src=\"https:\/\/cusio25.eu\/wp-content\/uploads\/2024\/06\/vela-la-ciminiera.png\" class=\"attachment-large size-large wp-image-2328\" alt=\"\" srcset=\"https:\/\/cusio25.eu\/wp-content\/uploads\/2024\/06\/vela-la-ciminiera.png 452w, https:\/\/cusio25.eu\/wp-content\/uploads\/2024\/06\/vela-la-ciminiera-170x300.png 170w\" sizes=\"(max-width: 452px) 100vw, 452px\" \/>\t\t\t\t\t\t\t\t\t\t\t\t\t\t\t<\/div>\n\t\t\t\t<\/div>\n\t\t\t\t<\/div>\n\t\t\t\t\t<\/div>\n\t\t\t\t<\/div>\n\t\t<div class=\"elementor-element elementor-element-b0f2e58 e-flex e-con-boxed e-con e-parent\" data-id=\"b0f2e58\" data-element_type=\"container\" data-settings=\"{&quot;jet_parallax_layout_list&quot;:[]}\">\n\t\t\t\t\t<div class=\"e-con-inner\">\n\t\t<div class=\"elementor-element elementor-element-be81d45 e-con-full e-flex e-con e-child\" data-id=\"be81d45\" data-element_type=\"container\" data-settings=\"{&quot;jet_parallax_layout_list&quot;:[]}\">\n\t\t\t\t<div class=\"elementor-element elementor-element-9310653 elementor-widget elementor-widget-image\" data-id=\"9310653\" data-element_type=\"widget\" data-widget_type=\"image.default\">\n\t\t\t\t<div class=\"elementor-widget-container\">\n\t\t\t\t\t\t\t\t\t\t\t\t\t\t\t<img loading=\"lazy\" decoding=\"async\" width=\"452\" height=\"800\" src=\"https:\/\/cusio25.eu\/wp-content\/uploads\/2024\/06\/vela-torre-buccione.png\" class=\"attachment-large size-large wp-image-2332\" alt=\"\" srcset=\"https:\/\/cusio25.eu\/wp-content\/uploads\/2024\/06\/vela-torre-buccione.png 452w, https:\/\/cusio25.eu\/wp-content\/uploads\/2024\/06\/vela-torre-buccione-170x300.png 170w\" sizes=\"(max-width: 452px) 100vw, 452px\" \/>\t\t\t\t\t\t\t\t\t\t\t\t\t\t\t<\/div>\n\t\t\t\t<\/div>\n\t\t\t\t<\/div>\n\t\t<div class=\"elementor-element elementor-element-a1b14f1 e-con-full e-flex e-con e-child\" data-id=\"a1b14f1\" data-element_type=\"container\" data-settings=\"{&quot;jet_parallax_layout_list&quot;:[]}\">\n\t\t\t\t<div class=\"elementor-element elementor-element-915ef74 elementor-widget elementor-widget-text-editor\" data-id=\"915ef74\" data-element_type=\"widget\" data-widget_type=\"text-editor.default\">\n\t\t\t\t<div class=\"elementor-widget-container\">\n\t\t\t\t\t\t\t\t\t<h2>BUCCIONE-TURM<\/h2>\n<p>Von der alten Burg, die einst auf einer Anh\u00f6he zwischen Orta San Giulio und Gozzano stand, ist der Buccione-Turm der am besten erhaltene Teil.<\/p>\n<p>Der um das 12. Jahrhundert zu Verteidigungszwecken errichtete Turm bietet von seinem Gipfel aus einen spektakul\u00e4ren Blick auf die gesamte Umgebung, von den Gipfeln des Monte Rosa bis zur Kuppel von San Gaudenzio in Novara.<\/p>\n<p>In dem Gebiet, in dem der Buccione-Turm steht, hat die Region Piemont ein besonderes Naturreservat eingerichtet, um das historische und \u00f6kologische Erbe des Ortes zu sch\u00fctzen: Die St\u00e4tte ist in einem Spaziergang von etwa 15 Minuten zu erreichen.<\/p>\n\t\t\t\t\t\t\t\t<\/div>\n\t\t\t\t<\/div>\n\t\t\t\t<\/div>\n\t\t\t\t\t<\/div>\n\t\t\t\t<\/div>\n\t\t<div class=\"elementor-element elementor-element-919bd76 e-flex e-con-boxed e-con e-parent\" data-id=\"919bd76\" data-element_type=\"container\" data-settings=\"{&quot;background_background&quot;:&quot;classic&quot;,&quot;jet_parallax_layout_list&quot;:[]}\">\n\t\t\t\t\t<div class=\"e-con-inner\">\n\t\t<div class=\"elementor-element elementor-element-63f6722 e-con-full e-flex e-con e-child\" data-id=\"63f6722\" data-element_type=\"container\" data-settings=\"{&quot;jet_parallax_layout_list&quot;:[]}\">\n\t\t\t\t<div class=\"elementor-element elementor-element-d935e45 elementor-widget elementor-widget-text-editor\" data-id=\"d935e45\" data-element_type=\"widget\" data-widget_type=\"text-editor.default\">\n\t\t\t\t<div class=\"elementor-widget-container\">\n\t\t\t\t\t\t\t\t\t<h2>MUSEUM F\u00dcR V\u00d6LKERKUNDE UND MUSIKINSTRUMENTE<\/h2>\n<p>Es gibt keinen besseren Ort als das Ethnografische Museum und das Musikinstrumentenmuseum von Quarna, um die Geschichte und die Traditionen einer Gemeinschaft zu entdecken, die mit ihrem Einfallsreichtum und ihrer Kreativit\u00e4t alle Schwierigkeiten, die die Bergwelt mit sich bringt, \u00fcberwunden hat.<\/p>\n<p>Der wichtigste Teil der Ausstellung befasst sich mit der handwerklichen Tradition der Musikinstrumentenherstellung: Sie k\u00f6nnen Versuche zur Herstellung von Instrumenten mit neuen Merkmalen bewundern, Instrumente, die heute veraltet sind, sowie viele andere besondere Gegenst\u00e4nde, einschlie\u00dflich der zur Herstellung der Instrumente verwendeten Ger\u00e4te.<\/p>\n\t\t\t\t\t\t\t\t<\/div>\n\t\t\t\t<\/div>\n\t\t\t\t<\/div>\n\t\t<div class=\"elementor-element elementor-element-451b4df e-con-full e-flex e-con e-child\" data-id=\"451b4df\" data-element_type=\"container\" data-settings=\"{&quot;jet_parallax_layout_list&quot;:[]}\">\n\t\t\t\t<div class=\"elementor-element elementor-element-03045b3 elementor-widget elementor-widget-image\" data-id=\"03045b3\" data-element_type=\"widget\" data-widget_type=\"image.default\">\n\t\t\t\t<div class=\"elementor-widget-container\">\n\t\t\t\t\t\t\t\t\t\t\t\t\t\t\t<img loading=\"lazy\" decoding=\"async\" width=\"452\" height=\"800\" src=\"https:\/\/cusio25.eu\/wp-content\/uploads\/2024\/06\/vela-museo-strumenti.png\" class=\"attachment-large size-large wp-image-2339\" alt=\"\" srcset=\"https:\/\/cusio25.eu\/wp-content\/uploads\/2024\/06\/vela-museo-strumenti.png 452w, https:\/\/cusio25.eu\/wp-content\/uploads\/2024\/06\/vela-museo-strumenti-170x300.png 170w\" sizes=\"(max-width: 452px) 100vw, 452px\" \/>\t\t\t\t\t\t\t\t\t\t\t\t\t\t\t<\/div>\n\t\t\t\t<\/div>\n\t\t\t\t<\/div>\n\t\t\t\t\t<\/div>\n\t\t\t\t<\/div>\n\t\t<div class=\"elementor-element elementor-element-927922d e-flex e-con-boxed e-con e-parent\" data-id=\"927922d\" data-element_type=\"container\" data-settings=\"{&quot;jet_parallax_layout_list&quot;:[]}\">\n\t\t\t\t\t<div class=\"e-con-inner\">\n\t\t<div class=\"elementor-element elementor-element-7ebcb25 e-con-full e-flex e-con e-child\" data-id=\"7ebcb25\" data-element_type=\"container\" data-settings=\"{&quot;jet_parallax_layout_list&quot;:[]}\">\n\t\t\t\t<div class=\"elementor-element elementor-element-57fdfd7 elementor-widget elementor-widget-image\" data-id=\"57fdfd7\" data-element_type=\"widget\" data-widget_type=\"image.default\">\n\t\t\t\t<div class=\"elementor-widget-container\">\n\t\t\t\t\t\t\t\t\t\t\t\t\t\t\t<img loading=\"lazy\" decoding=\"async\" width=\"452\" height=\"800\" src=\"https:\/\/cusio25.eu\/wp-content\/uploads\/2024\/06\/vela-il-cusio.png\" class=\"attachment-large size-large wp-image-2346\" alt=\"\" srcset=\"https:\/\/cusio25.eu\/wp-content\/uploads\/2024\/06\/vela-il-cusio.png 452w, https:\/\/cusio25.eu\/wp-content\/uploads\/2024\/06\/vela-il-cusio-170x300.png 170w\" sizes=\"(max-width: 452px) 100vw, 452px\" \/>\t\t\t\t\t\t\t\t\t\t\t\t\t\t\t<\/div>\n\t\t\t\t<\/div>\n\t\t\t\t<\/div>\n\t\t<div class=\"elementor-element elementor-element-d99011e e-con-full e-flex e-con e-child\" data-id=\"d99011e\" data-element_type=\"container\" data-settings=\"{&quot;jet_parallax_layout_list&quot;:[]}\">\n\t\t\t\t<div class=\"elementor-element elementor-element-4ba91d8 elementor-widget elementor-widget-text-editor\" data-id=\"4ba91d8\" data-element_type=\"widget\" data-widget_type=\"text-editor.default\">\n\t\t\t\t<div class=\"elementor-widget-container\">\n\t\t\t\t\t\t\t\t\t<h2>INSEL SAN JULIO<\/h2>\n<p>Die Insel San Giulio, die einzige im See, ist ein bezaubernder und stimmungsvoller Ort, der von dem imposanten Benediktinerkloster beherrscht wird: Entlang des Fu\u00dfweges, der um die Insel herumf\u00fchrt, stehen Aphorismen \u00fcber Stille und Meditation.<\/p>\n<p>Regelm\u00e4\u00dfige oder private Boote bieten einen bequemen Service zur Insel<\/p>\n\t\t\t\t\t\t\t\t<\/div>\n\t\t\t\t<\/div>\n\t\t\t\t<\/div>\n\t\t\t\t\t<\/div>\n\t\t\t\t<\/div>\n\t\t<div class=\"elementor-element elementor-element-0aae85b e-flex e-con-boxed e-con e-parent\" data-id=\"0aae85b\" data-element_type=\"container\" data-settings=\"{&quot;jet_parallax_layout_list&quot;:[]}\">\n\t\t\t\t\t<div class=\"e-con-inner\">\n\t\t\t\t<div class=\"elementor-element elementor-element-b015119 elementor-widget elementor-widget-heading\" data-id=\"b015119\" data-element_type=\"widget\" data-widget_type=\"heading.default\">\n\t\t\t\t<div class=\"elementor-widget-container\">\n\t\t\t\t\t<h2 class=\"elementor-heading-title elementor-size-default\">Entdecken Sie die Sehensw\u00fcrdigkeiten von Cusio...<\/h2>\t\t\t\t<\/div>\n\t\t\t\t<\/div>\n\t\t\t\t\t<\/div>\n\t\t\t\t<\/div>\n\t\t<div class=\"elementor-element elementor-element-6bb0434 e-flex e-con-boxed e-con e-parent\" data-id=\"6bb0434\" data-element_type=\"container\" data-settings=\"{&quot;jet_parallax_layout_list&quot;:[]}\">\n\t\t\t\t\t<div class=\"e-con-inner\">\n\t\t\t\t<div class=\"elementor-element elementor-element-1fce33b elementor-widget elementor-widget-html\" data-id=\"1fce33b\" data-element_type=\"widget\" data-widget_type=\"html.default\">\n\t\t\t\t<div class=\"elementor-widget-container\">\n\t\t\t\t\t<iframe src=\"https:\/\/www.google.com\/maps\/d\/embed?mid=1PpYIaTPEStMnA0_txiy5-037sptatDk&amp;ehbc=2E312F\" width=\"100%\" height=\"480\"><\/iframe>\t\t\t\t<\/div>\n\t\t\t\t<\/div>\n\t\t\t\t\t<\/div>\n\t\t\t\t<\/div>\n\t\t\t\t<\/div>\n\t\t","protected":false},"excerpt":{"rendered":"<p>Interessante Orte Jede der 25 Gemeinden des Distrikts tr\u00e4gt dazu bei, Cusio zu einem einzigartigen Reiseziel zu machen indem sie den Besuchern ein au\u00dfergew\u00f6hnliches Erbe zur Verf\u00fcgung stellen. Die unglaubliche Vielfalt dernat\u00fcrlichen Umgebungdie von den Berggipfeln dem Lauf der Fl\u00fcsse folgend zum See abf\u00e4llt, l\u00e4sst dem Besucher alle M\u00f6glichkeiten offen: von der Entspannung bis zu [&hellip;]<\/p>\n","protected":false},"author":1,"featured_media":0,"parent":0,"menu_order":0,"comment_status":"closed","ping_status":"closed","template":"elementor_header_footer","meta":{"_jet_sm_ready_style":"","_jet_sm_style":"","_jet_sm_controls_values":"","_jet_sm_fonts_collection":"","_jet_sm_fonts_links":"","footnotes":""},"class_list":["post-3982","page","type-page","status-publish","hentry"],"yoast_head":"<!-- This site is optimized with the Yoast SEO plugin v26.8 - https:\/\/yoast.com\/product\/yoast-seo-wordpress\/ -->\n<title>Interessante Orte - CUSIO25<\/title>\n<meta name=\"robots\" content=\"index, follow, max-snippet:-1, max-image-preview:large, max-video-preview:-1\" \/>\n<link rel=\"canonical\" href=\"https:\/\/cusio25.eu\/de\/interessante-orte\/\" \/>\n<meta property=\"og:locale\" content=\"de_DE\" \/>\n<meta property=\"og:type\" content=\"article\" \/>\n<meta property=\"og:title\" content=\"Interessante Orte - CUSIO25\" \/>\n<meta property=\"og:description\" content=\"Interessante Orte Jede der 25 Gemeinden des Distrikts tr\u00e4gt dazu bei, Cusio zu einem einzigartigen Reiseziel zu machen indem sie den Besuchern ein au\u00dfergew\u00f6hnliches Erbe zur Verf\u00fcgung stellen. Die unglaubliche Vielfalt dernat\u00fcrlichen Umgebungdie von den Berggipfeln dem Lauf der Fl\u00fcsse folgend zum See abf\u00e4llt, l\u00e4sst dem Besucher alle M\u00f6glichkeiten offen: von der Entspannung bis zu [&hellip;]\" \/>\n<meta property=\"og:url\" content=\"https:\/\/cusio25.eu\/de\/interessante-orte\/\" \/>\n<meta property=\"og:site_name\" content=\"CUSIO25\" \/>\n<meta property=\"article:modified_time\" content=\"2024-08-13T07:29:12+00:00\" \/>\n<meta property=\"og:image\" content=\"https:\/\/cusio25.eu\/wp-content\/uploads\/2024\/06\/vela-parco-fantasia.png\" \/>\n<meta name=\"twitter:card\" content=\"summary_large_image\" \/>\n<meta name=\"twitter:label1\" content=\"Gesch\u00e4tzte Lesezeit\" \/>\n\t<meta name=\"twitter:data1\" content=\"5\u00a0Minuten\" \/>\n<script type=\"application\/ld+json\" class=\"yoast-schema-graph\">{\"@context\":\"https:\/\/schema.org\",\"@graph\":[{\"@type\":\"WebPage\",\"@id\":\"https:\/\/cusio25.eu\/de\/interessante-orte\/\",\"url\":\"https:\/\/cusio25.eu\/de\/interessante-orte\/\",\"name\":\"Interessante Orte - CUSIO25\",\"isPartOf\":{\"@id\":\"https:\/\/cusio25.eu\/#website\"},\"primaryImageOfPage\":{\"@id\":\"https:\/\/cusio25.eu\/de\/interessante-orte\/#primaryimage\"},\"image\":{\"@id\":\"https:\/\/cusio25.eu\/de\/interessante-orte\/#primaryimage\"},\"thumbnailUrl\":\"https:\/\/cusio25.eu\/wp-content\/uploads\/2024\/06\/vela-parco-fantasia.png\",\"datePublished\":\"2024-06-24T21:13:24+00:00\",\"dateModified\":\"2024-08-13T07:29:12+00:00\",\"breadcrumb\":{\"@id\":\"https:\/\/cusio25.eu\/de\/interessante-orte\/#breadcrumb\"},\"inLanguage\":\"de\",\"potentialAction\":[{\"@type\":\"ReadAction\",\"target\":[\"https:\/\/cusio25.eu\/de\/interessante-orte\/\"]}]},{\"@type\":\"ImageObject\",\"inLanguage\":\"de\",\"@id\":\"https:\/\/cusio25.eu\/de\/interessante-orte\/#primaryimage\",\"url\":\"https:\/\/cusio25.eu\/wp-content\/uploads\/2024\/06\/vela-parco-fantasia.png\",\"contentUrl\":\"https:\/\/cusio25.eu\/wp-content\/uploads\/2024\/06\/vela-parco-fantasia.png\"},{\"@type\":\"BreadcrumbList\",\"@id\":\"https:\/\/cusio25.eu\/de\/interessante-orte\/#breadcrumb\",\"itemListElement\":[{\"@type\":\"ListItem\",\"position\":1,\"name\":\"Home\",\"item\":\"https:\/\/cusio25.eu\/de\/\"},{\"@type\":\"ListItem\",\"position\":2,\"name\":\"Interessante Orte\"}]},{\"@type\":\"WebSite\",\"@id\":\"https:\/\/cusio25.eu\/#website\",\"url\":\"https:\/\/cusio25.eu\/\",\"name\":\"CUSIO 25 Eventi Omegna esperienze parcheggi\",\"description\":\"25 Comuni, 1000 esperienze\",\"publisher\":{\"@id\":\"https:\/\/cusio25.eu\/#organization\"},\"alternateName\":\"Cusio25\",\"potentialAction\":[{\"@type\":\"SearchAction\",\"target\":{\"@type\":\"EntryPoint\",\"urlTemplate\":\"https:\/\/cusio25.eu\/?s={search_term_string}\"},\"query-input\":{\"@type\":\"PropertyValueSpecification\",\"valueRequired\":true,\"valueName\":\"search_term_string\"}}],\"inLanguage\":\"de\"},{\"@type\":\"Organization\",\"@id\":\"https:\/\/cusio25.eu\/#organization\",\"name\":\"CUSIO25 by Comune di Omegna\",\"url\":\"https:\/\/cusio25.eu\/\",\"logo\":{\"@type\":\"ImageObject\",\"inLanguage\":\"de\",\"@id\":\"https:\/\/cusio25.eu\/#\/schema\/logo\/image\/\",\"url\":\"https:\/\/cusio25.eu\/wp-content\/uploads\/2024\/06\/logo-cusio-25-1.png\",\"contentUrl\":\"https:\/\/cusio25.eu\/wp-content\/uploads\/2024\/06\/logo-cusio-25-1.png\",\"width\":971,\"height\":450,\"caption\":\"CUSIO25 by Comune di Omegna\"},\"image\":{\"@id\":\"https:\/\/cusio25.eu\/#\/schema\/logo\/image\/\"},\"sameAs\":[\"https:\/\/www.instagram.com\/visitomegna\/\"]}]}<\/script>\n<!-- \/ Yoast SEO plugin. -->","yoast_head_json":{"title":"Interessante Orte - CUSIO25","robots":{"index":"index","follow":"follow","max-snippet":"max-snippet:-1","max-image-preview":"max-image-preview:large","max-video-preview":"max-video-preview:-1"},"canonical":"https:\/\/cusio25.eu\/de\/interessante-orte\/","og_locale":"de_DE","og_type":"article","og_title":"Interessante Orte - CUSIO25","og_description":"Interessante Orte Jede der 25 Gemeinden des Distrikts tr\u00e4gt dazu bei, Cusio zu einem einzigartigen Reiseziel zu machen indem sie den Besuchern ein au\u00dfergew\u00f6hnliches Erbe zur Verf\u00fcgung stellen. Die unglaubliche Vielfalt dernat\u00fcrlichen Umgebungdie von den Berggipfeln dem Lauf der Fl\u00fcsse folgend zum See abf\u00e4llt, l\u00e4sst dem Besucher alle M\u00f6glichkeiten offen: von der Entspannung bis zu [&hellip;]","og_url":"https:\/\/cusio25.eu\/de\/interessante-orte\/","og_site_name":"CUSIO25","article_modified_time":"2024-08-13T07:29:12+00:00","og_image":[{"url":"https:\/\/cusio25.eu\/wp-content\/uploads\/2024\/06\/vela-parco-fantasia.png","type":"","width":"","height":""}],"twitter_card":"summary_large_image","twitter_misc":{"Gesch\u00e4tzte Lesezeit":"5\u00a0Minuten"},"schema":{"@context":"https:\/\/schema.org","@graph":[{"@type":"WebPage","@id":"https:\/\/cusio25.eu\/de\/interessante-orte\/","url":"https:\/\/cusio25.eu\/de\/interessante-orte\/","name":"Interessante Orte - CUSIO25","isPartOf":{"@id":"https:\/\/cusio25.eu\/#website"},"primaryImageOfPage":{"@id":"https:\/\/cusio25.eu\/de\/interessante-orte\/#primaryimage"},"image":{"@id":"https:\/\/cusio25.eu\/de\/interessante-orte\/#primaryimage"},"thumbnailUrl":"https:\/\/cusio25.eu\/wp-content\/uploads\/2024\/06\/vela-parco-fantasia.png","datePublished":"2024-06-24T21:13:24+00:00","dateModified":"2024-08-13T07:29:12+00:00","breadcrumb":{"@id":"https:\/\/cusio25.eu\/de\/interessante-orte\/#breadcrumb"},"inLanguage":"de","potentialAction":[{"@type":"ReadAction","target":["https:\/\/cusio25.eu\/de\/interessante-orte\/"]}]},{"@type":"ImageObject","inLanguage":"de","@id":"https:\/\/cusio25.eu\/de\/interessante-orte\/#primaryimage","url":"https:\/\/cusio25.eu\/wp-content\/uploads\/2024\/06\/vela-parco-fantasia.png","contentUrl":"https:\/\/cusio25.eu\/wp-content\/uploads\/2024\/06\/vela-parco-fantasia.png"},{"@type":"BreadcrumbList","@id":"https:\/\/cusio25.eu\/de\/interessante-orte\/#breadcrumb","itemListElement":[{"@type":"ListItem","position":1,"name":"Home","item":"https:\/\/cusio25.eu\/de\/"},{"@type":"ListItem","position":2,"name":"Interessante Orte"}]},{"@type":"WebSite","@id":"https:\/\/cusio25.eu\/#website","url":"https:\/\/cusio25.eu\/","name":"CUSIO 25 Eventi Omegna esperienze parcheggi","description":"25 Comuni, 1000 esperienze","publisher":{"@id":"https:\/\/cusio25.eu\/#organization"},"alternateName":"Cusio25","potentialAction":[{"@type":"SearchAction","target":{"@type":"EntryPoint","urlTemplate":"https:\/\/cusio25.eu\/?s={search_term_string}"},"query-input":{"@type":"PropertyValueSpecification","valueRequired":true,"valueName":"search_term_string"}}],"inLanguage":"de"},{"@type":"Organization","@id":"https:\/\/cusio25.eu\/#organization","name":"CUSIO25 by Comune di Omegna","url":"https:\/\/cusio25.eu\/","logo":{"@type":"ImageObject","inLanguage":"de","@id":"https:\/\/cusio25.eu\/#\/schema\/logo\/image\/","url":"https:\/\/cusio25.eu\/wp-content\/uploads\/2024\/06\/logo-cusio-25-1.png","contentUrl":"https:\/\/cusio25.eu\/wp-content\/uploads\/2024\/06\/logo-cusio-25-1.png","width":971,"height":450,"caption":"CUSIO25 by Comune di Omegna"},"image":{"@id":"https:\/\/cusio25.eu\/#\/schema\/logo\/image\/"},"sameAs":["https:\/\/www.instagram.com\/visitomegna\/"]}]}},"_links":{"self":[{"href":"https:\/\/cusio25.eu\/de\/wp-json\/wp\/v2\/pages\/3982","targetHints":{"allow":["GET"]}}],"collection":[{"href":"https:\/\/cusio25.eu\/de\/wp-json\/wp\/v2\/pages"}],"about":[{"href":"https:\/\/cusio25.eu\/de\/wp-json\/wp\/v2\/types\/page"}],"author":[{"embeddable":true,"href":"https:\/\/cusio25.eu\/de\/wp-json\/wp\/v2\/users\/1"}],"replies":[{"embeddable":true,"href":"https:\/\/cusio25.eu\/de\/wp-json\/wp\/v2\/comments?post=3982"}],"version-history":[{"count":2,"href":"https:\/\/cusio25.eu\/de\/wp-json\/wp\/v2\/pages\/3982\/revisions"}],"predecessor-version":[{"id":3990,"href":"https:\/\/cusio25.eu\/de\/wp-json\/wp\/v2\/pages\/3982\/revisions\/3990"}],"wp:attachment":[{"href":"https:\/\/cusio25.eu\/de\/wp-json\/wp\/v2\/media?parent=3982"}],"curies":[{"name":"wp","href":"https:\/\/api.w.org\/{rel}","templated":true}]}}